{"id":54,"date":"2023-01-03T16:51:22","date_gmt":"2023-01-03T15:51:22","guid":{"rendered":"https:\/\/consadelaide.esteri.it\/?page_id=54"},"modified":"2023-01-03T16:51:49","modified_gmt":"2023-01-03T15:51:49","slug":"dal_consolato","status":"publish","type":"page","link":"https:\/\/consadelaide.esteri.it\/it\/news\/dal_consolato\/","title":{"rendered":"Dal Consolato"},"content":{"rendered":"        <div class=\"row\">\n\t\t\t<!-- Ricerca sedi post -->\n\t\t\t<div class=\"col-12 mt-4\">\n\t\t\t  <div class=\"callout callout-highlight note ricerca-esteri p-4\">\n                    <div class=\"callout-title\">\n                        <svg class=\"icon\">\n                            <use xlink:href=\"https:\/\/consadelaide.esteri.it\/wp-content\/themes\/sedi-tema\/assets\/svg\/sprites.svg#it-search\"><\/use>\n                        <\/svg>Inserisci i parametri di ricerca                    <\/div>\n                    <form id=\"searchFormPost\" name=\"form-search-post\" class=\"form-row align-items-center\" action=\"https:\/\/consadelaide.esteri.it\/it\/wp-json\/wp\/v2\/pages\/54\/\" method=\"GET\"> \n                        <!-- <div class=\"form-group pt-5\"> -->\n                            <!-- <input type=\"hidden\" id=\"lang\" name=\"lang\" value=\"\"> --> <!-- <\/div> -->\n\n                        <div class=\"it-datepicker-wrapper\">\n                            <div class=\"row\">\n                                <div class=\"form-group col-md-6\">\n                                    <label class=\"active\" for=\"date-init\">Dal<\/label>\n                                    <input class=\"form-control\" name=\"date-init\" id=\"date-init\" type=\"date\" placeholder=\"gg\/mm\/aaaa\" value=\"\"lang=\"en-EN\">  \n                                <\/div>\n                                <div class=\"form-group col-md-6\">\n                                    <label class=\"active\" for=\"date-end\">Al<\/label>\n                                    <input class=\"form-control\" name=\"date-end\" id=\"date-end\" type=\"date\" placeholder=\"gg\/mm\/aaaa\" value=\"\">\n                                <\/div>\n                            <\/div>\n                        <\/div>\n                        <div class=\"form-group col-md-12 mt-3\">\n                            <label for=\"searchText\">Campo ricerca libera<\/label>\n                            <input type=\"text\" name=\"searchText\" class=\"form-control\" id=\"searchText\" value=\"\">\n                        <\/div>\n                        <div class=\"form-group col-md-4 offset-md-8 text-end\">\n                            <a href=\"https:\/\/consadelaide.esteri.it\/it\/news\/dal_consolato\/\" title=\"Form reset\" id=\"resetImput\" class=\"btn btn-outline-primary btn-xs\">Reset<\/a>\n                            <button type=\"submit\" class=\"btn btn-primary btn-xs\">Mostra risultati<\/button>\n                        <\/div>\n                    <\/form>\n\t\t\t\t<\/div>\n\t\t\t<\/div>\n\t\t<\/div>\n                    \n            <div class=\"row\">\n                            <div class=\"col-12 mt-3\">\n                <!--start card-->\n                <div class=\"card-wrapper card-space\">\n                    <div class=\"card card-bg card-big border-bottom-card\">\n                        <div class=\"card-body \">\n                                                        <div class=\"category-top\">\n                                                                                                            <span class=\"\">\n                                        <svg class=\"icon icon-secondary\">\n                                            <use xlink:href=\"https:\/\/consadelaide.esteri.it\/wp-content\/themes\/sedi-tema\/assets\/svg\/sprites.svg#it-calendar\"><\/use>\n                                        <\/svg> 17 Aprile 2026                                    <\/span>\n                                                                    <\/div>\n                            <h5 class=\"card-title big-heading text-uppercase\"><a class=\"text-body text-decoration-none\" href=\"https:\/\/consadelaide.esteri.it\/it\/news\/dal_consolato\/2026\/04\/rafforzare-i-legami-accademici-e-culturali-tra-italia-e-australia-meridionale\/\" title=\"Rafforzare i legami accademici e culturali tra Italia e Australia Meridionale\">Rafforzare i legami accademici e culturali tra Italia e Australia Meridionale<\/a><\/h5>\n                            <p class=\"card-text\">Il Console Ernesto Pianelli ha incontrato il management dell\u2019Universit\u00e0 di Adelaide. La riunione \u00e8 stata presieduta dalla Professoressa Jessica Gallagher, Vice-Rettore Aggiunto per Internazionalizzazione e Relazioni Esterne, e ha riunito importanti leader accademici e professionali nei settori delle discipline umanistiche, arti creative, educazione e partenariati globali (Professore Craig Batty, Pro Vice-Chancellor, College of Creative Arts, [&hellip;]<\/p>\n                                <a title=\"Rafforzare i legami accademici e culturali tra Italia e Australia Meridionale\" class=\"read-more\" href=\"https:\/\/consadelaide.esteri.it\/it\/news\/dal_consolato\/2026\/04\/rafforzare-i-legami-accademici-e-culturali-tra-italia-e-australia-meridionale\/\">\n                                    <span class=\"text\">Leggi di pi\u00f9<\/span>\n                                    <svg class=\"icon\">\n                                    <use xlink:href=\"https:\/\/consadelaide.esteri.it\/wp-content\/themes\/sedi-tema\/assets\/svg\/sprites.svg#it-arrow-right\"><\/use>\n                                    <\/svg>\n                                <\/a>\n                                                    <\/div>\n                    <\/div>\n                <\/div>\n                <!--end card-->\n                <\/div><!-- col-12 .mt-3-->\n                            <div class=\"col-12 mt-3\">\n                <!--start card-->\n                <div class=\"card-wrapper card-space\">\n                    <div class=\"card card-bg card-big border-bottom-card\">\n                        <div class=\"card-body \">\n                                                        <div class=\"category-top\">\n                                                                                                            <span class=\"\">\n                                        <svg class=\"icon icon-secondary\">\n                                            <use xlink:href=\"https:\/\/consadelaide.esteri.it\/wp-content\/themes\/sedi-tema\/assets\/svg\/sprites.svg#it-calendar\"><\/use>\n                                        <\/svg> 16 Aprile 2026                                    <\/span>\n                                                                    <\/div>\n                            <h5 class=\"card-title big-heading text-uppercase\"><a class=\"text-body text-decoration-none\" href=\"https:\/\/consadelaide.esteri.it\/it\/news\/dal_consolato\/2026\/04\/adelaide-celebra-il-made-in-italy-tra-eccellenza-innovazione-e-giovani-talenti\/\" title=\"Adelaide celebra il Made in Italy: tra eccellenza, innovazione e giovani talenti\">Adelaide celebra il Made in Italy: tra eccellenza, innovazione e giovani talenti<\/a><\/h5>\n                            <p class=\"card-text\">Il 15 aprile Adelaide ha celebrato l\u2019eccellenza italiana in occasione della Giornata del Made in Italy. Per l\u2019edizione 2026, il Consolato d\u2019Italia, in collaborazione con la South Australian Italian Association (SAIA), ha promosso l\u2019evento \u201cGiovani competenze per il Made in Italy\u201d, trasformando la sede dell\u2019associazione in una prestigiosa vetrina per le imprese italiane attive nel [&hellip;]<\/p>\n                                <a title=\"Adelaide celebra il Made in Italy: tra eccellenza, innovazione e giovani talenti\" class=\"read-more\" href=\"https:\/\/consadelaide.esteri.it\/it\/news\/dal_consolato\/2026\/04\/adelaide-celebra-il-made-in-italy-tra-eccellenza-innovazione-e-giovani-talenti\/\">\n                                    <span class=\"text\">Leggi di pi\u00f9<\/span>\n                                    <svg class=\"icon\">\n                                    <use xlink:href=\"https:\/\/consadelaide.esteri.it\/wp-content\/themes\/sedi-tema\/assets\/svg\/sprites.svg#it-arrow-right\"><\/use>\n                                    <\/svg>\n                                <\/a>\n                                                    <\/div>\n                    <\/div>\n                <\/div>\n                <!--end card-->\n                <\/div><!-- col-12 .mt-3-->\n                            <div class=\"col-12 mt-3\">\n                <!--start card-->\n                <div class=\"card-wrapper card-space\">\n                    <div class=\"card card-bg card-big border-bottom-card\">\n                        <div class=\"card-body \">\n                                                        <div class=\"category-top\">\n                                                                                                            <span class=\"\">\n                                        <svg class=\"icon icon-secondary\">\n                                            <use xlink:href=\"https:\/\/consadelaide.esteri.it\/wp-content\/themes\/sedi-tema\/assets\/svg\/sprites.svg#it-calendar\"><\/use>\n                                        <\/svg> 27 Marzo 2026                                    <\/span>\n                                                                    <\/div>\n                            <h5 class=\"card-title big-heading text-uppercase\"><a class=\"text-body text-decoration-none\" href=\"https:\/\/consadelaide.esteri.it\/it\/news\/dal_consolato\/2026\/03\/donazione-di-100-libri-pimpa-un-viaggio-nella-scienza\/\" title=\"Donazione di 100 libri \u201cPimpa: un viaggio nella scienza\u201d.\">Donazione di 100 libri \u201cPimpa: un viaggio nella scienza\u201d.<\/a><\/h5>\n                            <p class=\"card-text\">Oggi, il Console Ernesto Pianelli ha avuto il piacere di incontrare Dale Atkinson, Direttore della Strategia e delle Performance delle Relazioni Esterne, presso il Dipartimento per l&#8217;Istruzione, per fare una donazione speciale di 100 libri straordinari, 50 in italiano e 50 in inglese! Il libro &#8220;Pimpa: un viaggio nella scienza&#8221; porta i lettori in un [&hellip;]<\/p>\n                                <a title=\"Donazione di 100 libri \u201cPimpa: un viaggio nella scienza\u201d.\" class=\"read-more\" href=\"https:\/\/consadelaide.esteri.it\/it\/news\/dal_consolato\/2026\/03\/donazione-di-100-libri-pimpa-un-viaggio-nella-scienza\/\">\n                                    <span class=\"text\">Leggi di pi\u00f9<\/span>\n                                    <svg class=\"icon\">\n                                    <use xlink:href=\"https:\/\/consadelaide.esteri.it\/wp-content\/themes\/sedi-tema\/assets\/svg\/sprites.svg#it-arrow-right\"><\/use>\n                                    <\/svg>\n                                <\/a>\n                                                    <\/div>\n                    <\/div>\n                <\/div>\n                <!--end card-->\n                <\/div><!-- col-12 .mt-3-->\n                            <div class=\"col-12 mt-3\">\n                <!--start card-->\n                <div class=\"card-wrapper card-space\">\n                    <div class=\"card card-bg card-big border-bottom-card\">\n                        <div class=\"card-body \">\n                                                        <div class=\"category-top\">\n                                                                                                            <span class=\"\">\n                                        <svg class=\"icon icon-secondary\">\n                                            <use xlink:href=\"https:\/\/consadelaide.esteri.it\/wp-content\/themes\/sedi-tema\/assets\/svg\/sprites.svg#it-calendar\"><\/use>\n                                        <\/svg> 18 Marzo 2026                                    <\/span>\n                                                                    <\/div>\n                            <h5 class=\"card-title big-heading text-uppercase\"><a class=\"text-body text-decoration-none\" href=\"https:\/\/consadelaide.esteri.it\/it\/news\/dal_consolato\/2026\/03\/concerto-enologico-della-pianista-ida-pelliccioli\/\" title=\"Concerto enologico della pianista Ida Pelliccioli\">Concerto enologico della pianista Ida Pelliccioli<\/a><\/h5>\n                            <p class=\"card-text\">Il Consolato d&#8217;Italia in Adelaide \u00e8 lieto di presentare un evento straordinario che unisce la grande musica classica con l\u2019arte della vinificazione italiana, in cui il pubblico sar\u00e0 introdotto a uno spettro pi\u00f9 profondo di approcci alla degustazione e all\u2019ascolto. Il prossimo appuntamento culturale vedr\u00e0, infatti, la pianista Ida Pelliccioli protagonista di un concerto esclusivo [&hellip;]<\/p>\n                                <a title=\"Concerto enologico della pianista Ida Pelliccioli\" class=\"read-more\" href=\"https:\/\/consadelaide.esteri.it\/it\/news\/dal_consolato\/2026\/03\/concerto-enologico-della-pianista-ida-pelliccioli\/\">\n                                    <span class=\"text\">Leggi di pi\u00f9<\/span>\n                                    <svg class=\"icon\">\n                                    <use xlink:href=\"https:\/\/consadelaide.esteri.it\/wp-content\/themes\/sedi-tema\/assets\/svg\/sprites.svg#it-arrow-right\"><\/use>\n                                    <\/svg>\n                                <\/a>\n                                                    <\/div>\n                    <\/div>\n                <\/div>\n                <!--end card-->\n                <\/div><!-- col-12 .mt-3-->\n                            <div class=\"col-12 mt-3\">\n                <!--start card-->\n                <div class=\"card-wrapper card-space\">\n                    <div class=\"card card-bg card-big border-bottom-card\">\n                        <div class=\"card-body \">\n                                                        <div class=\"category-top\">\n                                                                                                            <span class=\"\">\n                                        <svg class=\"icon icon-secondary\">\n                                            <use xlink:href=\"https:\/\/consadelaide.esteri.it\/wp-content\/themes\/sedi-tema\/assets\/svg\/sprites.svg#it-calendar\"><\/use>\n                                        <\/svg> 5 Marzo 2026                                    <\/span>\n                                                                    <\/div>\n                            <h5 class=\"card-title big-heading text-uppercase\"><a class=\"text-body text-decoration-none\" href=\"https:\/\/consadelaide.esteri.it\/it\/news\/dal_consolato\/2026\/03\/avviso-ai-connazionali\/\" title=\"AVVISO AI CONNAZIONALI\">AVVISO AI CONNAZIONALI<\/a><\/h5>\n                            <p class=\"card-text\">PROLUNGAMENTO DELLA PERMANENZA IN AUSTRALIA Se la chiusura dello spazio aereo in diversi Paesi del Golfo ha inciso sui vostri programmi di rientro e vi trovate nella necessit\u00e0 di estendere il soggiorno in Australia, si consiglia di verificare con Home Affairs altre opzioni di visto: \u2022 lavoro qualificato (skilled) \u2022 famiglia \u2022 studio \u2022 turismo [&hellip;]<\/p>\n                                <a title=\"AVVISO AI CONNAZIONALI\" class=\"read-more\" href=\"https:\/\/consadelaide.esteri.it\/it\/news\/dal_consolato\/2026\/03\/avviso-ai-connazionali\/\">\n                                    <span class=\"text\">Leggi di pi\u00f9<\/span>\n                                    <svg class=\"icon\">\n                                    <use xlink:href=\"https:\/\/consadelaide.esteri.it\/wp-content\/themes\/sedi-tema\/assets\/svg\/sprites.svg#it-arrow-right\"><\/use>\n                                    <\/svg>\n                                <\/a>\n                                                    <\/div>\n                    <\/div>\n                <\/div>\n                <!--end card-->\n                <\/div><!-- col-12 .mt-3-->\n                            <div class=\"col-12 mt-3\">\n                <!--start card-->\n                <div class=\"card-wrapper card-space\">\n                    <div class=\"card card-bg card-big border-bottom-card\">\n                        <div class=\"card-body \">\n                                                        <div class=\"category-top\">\n                                                                                                            <span class=\"\">\n                                        <svg class=\"icon icon-secondary\">\n                                            <use xlink:href=\"https:\/\/consadelaide.esteri.it\/wp-content\/themes\/sedi-tema\/assets\/svg\/sprites.svg#it-calendar\"><\/use>\n                                        <\/svg> 3 Marzo 2026                                    <\/span>\n                                                                    <\/div>\n                            <h5 class=\"card-title big-heading text-uppercase\"><a class=\"text-body text-decoration-none\" href=\"https:\/\/consadelaide.esteri.it\/it\/news\/dal_consolato\/2026\/03\/proroga-al-31-maggio-2029-del-termine-per-la-presentazione-delle-istanze-di-acquisto-della-cittadinanza-per-beneficio-di-legge-di-minorenni-alla-data-del-24-maggio-2025-figli-di-cittadini-per-nascit\/\" title=\"Proroga dei termini per la presentazione delle istanze di acquisto della cittadinanza per beneficio di legge\">Proroga dei termini per la presentazione delle istanze di acquisto della cittadinanza per beneficio di legge<\/a><\/h5>\n                            <p class=\"card-text\">Si informa che le istanze di acquisto della cittadinanza per beneficio di legge di minorenni, alla data del 24 maggio 2025, figli di cittadini per nascita di cui all&#8217;articolo 3-bis, comma 1, lettere a), a-bis) e b), della legge 5 febbraio 1992, n. 91, potranno essere presentate fino al 31 maggio 2029. Per maggiori informazioni, [&hellip;]<\/p>\n                                <a title=\"Proroga dei termini per la presentazione delle istanze di acquisto della cittadinanza per beneficio di legge\" class=\"read-more\" href=\"https:\/\/consadelaide.esteri.it\/it\/news\/dal_consolato\/2026\/03\/proroga-al-31-maggio-2029-del-termine-per-la-presentazione-delle-istanze-di-acquisto-della-cittadinanza-per-beneficio-di-legge-di-minorenni-alla-data-del-24-maggio-2025-figli-di-cittadini-per-nascit\/\">\n                                    <span class=\"text\">Leggi di pi\u00f9<\/span>\n                                    <svg class=\"icon\">\n                                    <use xlink:href=\"https:\/\/consadelaide.esteri.it\/wp-content\/themes\/sedi-tema\/assets\/svg\/sprites.svg#it-arrow-right\"><\/use>\n                                    <\/svg>\n                                <\/a>\n                                                    <\/div>\n                    <\/div>\n                <\/div>\n                <!--end card-->\n                <\/div><!-- col-12 .mt-3-->\n                            <div class=\"col-12 mt-3\">\n                <!--start card-->\n                <div class=\"card-wrapper card-space\">\n                    <div class=\"card card-bg card-big border-bottom-card\">\n                        <div class=\"card-body \">\n                                                        <div class=\"category-top\">\n                                                                                                            <span class=\"\">\n                                        <svg class=\"icon icon-secondary\">\n                                            <use xlink:href=\"https:\/\/consadelaide.esteri.it\/wp-content\/themes\/sedi-tema\/assets\/svg\/sprites.svg#it-calendar\"><\/use>\n                                        <\/svg> 4 Febbraio 2026                                    <\/span>\n                                                                    <\/div>\n                            <h5 class=\"card-title big-heading text-uppercase\"><a class=\"text-body text-decoration-none\" href=\"https:\/\/consadelaide.esteri.it\/it\/news\/dal_consolato\/2026\/02\/fermo-operativo-del-sistema-informatico-vis-per-la-trattazione-e-emissione-di-visti-dingresso\/\" title=\"Fermo operativo del sistema informatico VIS per la trattazione e emissione di visti d\u2019ingresso\">Fermo operativo del sistema informatico VIS per la trattazione e emissione di visti d\u2019ingresso<\/a><\/h5>\n                            <p class=\"card-text\">Si informa che dalle ore 3:30 am del 13 febbraio 2026 fino alle ore 9:30 am del 18 febbraio 2026, il sistema operativo VIS sar\u00e0 interessato da un fermo operativo temporaneo. Si tratta di un intervento tecnico programmato e urgente che comporter\u00e0 la momentanea sospensione delle attivit\u00e0 di ricezione e trattazione delle domande di visto, [&hellip;]<\/p>\n                                <a title=\"Fermo operativo del sistema informatico VIS per la trattazione e emissione di visti d\u2019ingresso\" class=\"read-more\" href=\"https:\/\/consadelaide.esteri.it\/it\/news\/dal_consolato\/2026\/02\/fermo-operativo-del-sistema-informatico-vis-per-la-trattazione-e-emissione-di-visti-dingresso\/\">\n                                    <span class=\"text\">Leggi di pi\u00f9<\/span>\n                                    <svg class=\"icon\">\n                                    <use xlink:href=\"https:\/\/consadelaide.esteri.it\/wp-content\/themes\/sedi-tema\/assets\/svg\/sprites.svg#it-arrow-right\"><\/use>\n                                    <\/svg>\n                                <\/a>\n                                                    <\/div>\n                    <\/div>\n                <\/div>\n                <!--end card-->\n                <\/div><!-- col-12 .mt-3-->\n                            <div class=\"col-12 mt-3\">\n                <!--start card-->\n                <div class=\"card-wrapper card-space\">\n                    <div class=\"card card-bg card-big border-bottom-card\">\n                        <div class=\"card-body \">\n                                                        <div class=\"category-top\">\n                                                                                                            <span class=\"\">\n                                        <svg class=\"icon icon-secondary\">\n                                            <use xlink:href=\"https:\/\/consadelaide.esteri.it\/wp-content\/themes\/sedi-tema\/assets\/svg\/sprites.svg#it-calendar\"><\/use>\n                                        <\/svg> 2 Febbraio 2026                                    <\/span>\n                                                                    <\/div>\n                            <h5 class=\"card-title big-heading text-uppercase\"><a class=\"text-body text-decoration-none\" href=\"https:\/\/consadelaide.esteri.it\/it\/news\/dal_consolato\/2026\/02\/avviso-pubblico-per-lofferta-di-sponsorizzazione-2\/\" title=\"Avviso Pubblico per l\u2019Offerta di Sponsorizzazione\">Avviso Pubblico per l\u2019Offerta di Sponsorizzazione<\/a><\/h5>\n                            <p class=\"card-text\">Si d\u00e0 notizia della pubblicazione dell\u2019Avviso pubblico per l&#8217;offerta di sponsorizzazione per l\u2019evento Festa della Repubblica e per altri eventi di promozione integrata 2026. Allegato nr. 1_Offerta di sponsorizzazione Adelaide_FINALE Allegato nr. 2_Informativa_privacy Adelaide_FINALE<\/p>\n                                <a title=\"Avviso Pubblico per l\u2019Offerta di Sponsorizzazione\" class=\"read-more\" href=\"https:\/\/consadelaide.esteri.it\/it\/news\/dal_consolato\/2026\/02\/avviso-pubblico-per-lofferta-di-sponsorizzazione-2\/\">\n                                    <span class=\"text\">Leggi di pi\u00f9<\/span>\n                                    <svg class=\"icon\">\n                                    <use xlink:href=\"https:\/\/consadelaide.esteri.it\/wp-content\/themes\/sedi-tema\/assets\/svg\/sprites.svg#it-arrow-right\"><\/use>\n                                    <\/svg>\n                                <\/a>\n                                                    <\/div>\n                    <\/div>\n                <\/div>\n                <!--end card-->\n                <\/div><!-- col-12 .mt-3-->\n                            <div class=\"col-12 mt-3\">\n                <!--start card-->\n                <div class=\"card-wrapper card-space\">\n                    <div class=\"card card-bg card-big border-bottom-card\">\n                        <div class=\"card-body \">\n                                                        <div class=\"category-top\">\n                                                                                                            <span class=\"\">\n                                        <svg class=\"icon icon-secondary\">\n                                            <use xlink:href=\"https:\/\/consadelaide.esteri.it\/wp-content\/themes\/sedi-tema\/assets\/svg\/sprites.svg#it-calendar\"><\/use>\n                                        <\/svg> 23 Gennaio 2026                                    <\/span>\n                                                                    <\/div>\n                            <h5 class=\"card-title big-heading text-uppercase\"><a class=\"text-body text-decoration-none\" href=\"https:\/\/consadelaide.esteri.it\/it\/news\/dal_consolato\/2026\/01\/confermata-aida-in-australia-larena-di-verona-sara-ad-adelaide-nel-febbraio-2027\/\" title=\"Confermata Aida in Australia. L&#8217;Arena di Verona sar\u00e0 ad Adelaide nel febbraio 2027\">Confermata Aida in Australia. L&#8217;Arena di Verona sar\u00e0 ad Adelaide nel febbraio 2027<\/a><\/h5>\n                            <p class=\"card-text\">Fissate le nuove date. Un anno per organizzazione e promozione della pi\u00f9 grande trasferta mai realizzata. Gasdia: \u201cScriveremo una pagina della storia dell\u2019opera italiana\u201d. Trespidi: \u201cUn omaggio al Maestro Zeffirelli\u201d L\u2019imponente AIDA di Giuseppe Verdi, nel leggendario allestimento firmato da Franco Zeffirelli, sar\u00e0 in Australia a febbraio 2027. Dopo il rinvio annunciato alcuni mesi fa, [&hellip;]<\/p>\n                                <a title=\"Confermata Aida in Australia. L&#8217;Arena di Verona sar\u00e0 ad Adelaide nel febbraio 2027\" class=\"read-more\" href=\"https:\/\/consadelaide.esteri.it\/it\/news\/dal_consolato\/2026\/01\/confermata-aida-in-australia-larena-di-verona-sara-ad-adelaide-nel-febbraio-2027\/\">\n                                    <span class=\"text\">Leggi di pi\u00f9<\/span>\n                                    <svg class=\"icon\">\n                                    <use xlink:href=\"https:\/\/consadelaide.esteri.it\/wp-content\/themes\/sedi-tema\/assets\/svg\/sprites.svg#it-arrow-right\"><\/use>\n                                    <\/svg>\n                                <\/a>\n                                                    <\/div>\n                    <\/div>\n                <\/div>\n                <!--end card-->\n                <\/div><!-- col-12 .mt-3-->\n                            <div class=\"col-12 mt-3\">\n                <!--start card-->\n                <div class=\"card-wrapper card-space\">\n                    <div class=\"card card-bg card-big border-bottom-card\">\n                        <div class=\"card-body \">\n                                                        <div class=\"category-top\">\n                                                                                                            <span class=\"\">\n                                        <svg class=\"icon icon-secondary\">\n                                            <use xlink:href=\"https:\/\/consadelaide.esteri.it\/wp-content\/themes\/sedi-tema\/assets\/svg\/sprites.svg#it-calendar\"><\/use>\n                                        <\/svg> 16 Gennaio 2026                                    <\/span>\n                                                                    <\/div>\n                            <h5 class=\"card-title big-heading text-uppercase\"><a class=\"text-body text-decoration-none\" href=\"https:\/\/consadelaide.esteri.it\/it\/news\/dal_consolato\/2026\/01\/referendum-costituzionale-confermativo-22-e-23-marzo-2026\/\" title=\"REFERENDUM COSTITUZIONALE CONFERMATIVO   (22 e 23 marzo 2026)\">REFERENDUM COSTITUZIONALE CONFERMATIVO   (22 e 23 marzo 2026)<\/a><\/h5>\n                            <p class=\"card-text\">VOTO PER CORRISPONDENZA DEI CITTADINI ITALIANI ALL\u2019ESTERO E OPZIONE PER IL VOTO IN ITALIA Con decreto del Presidente della Repubblica del 13\/01\/2026, pubblicato nella Gazzetta Ufficiale del 14\/01\/2026, \u00e8 stata fissata nei giorni 22 e 23 MARZO 2026 la data del referendum ex art. 138 della Costituzione per la modifica di alcuni articoli della Costituzione [&hellip;]<\/p>\n                                <a title=\"REFERENDUM COSTITUZIONALE CONFERMATIVO   (22 e 23 marzo 2026)\" class=\"read-more\" href=\"https:\/\/consadelaide.esteri.it\/it\/news\/dal_consolato\/2026\/01\/referendum-costituzionale-confermativo-22-e-23-marzo-2026\/\">\n                                    <span class=\"text\">Leggi di pi\u00f9<\/span>\n                                    <svg class=\"icon\">\n                                    <use xlink:href=\"https:\/\/consadelaide.esteri.it\/wp-content\/themes\/sedi-tema\/assets\/svg\/sprites.svg#it-arrow-right\"><\/use>\n                                    <\/svg>\n                                <\/a>\n                                                    <\/div>\n                    <\/div>\n                <\/div>\n                <!--end card-->\n                <\/div><!-- col-12 .mt-3-->\n            \n            <div class=\"col-md-12 mt-4 pb-4\">\n                <nav class=\"navigation col-md-12\" aria-label=\"Navigation\">\n                    <h2 class=\"screen-reader-text visually-hidden\">Paginazione<\/h2>\n                    <div class=\"nav-links\">\n                    <span aria-current=\"page\" class=\"page-numbers current\">1<\/span>\n<a class=\"page-numbers\" href=\"https:\/\/consadelaide.esteri.it\/it\/wp-json\/wp\/v2\/pages\/54\/?pag=2\">2<\/a>\n<a class=\"page-numbers\" href=\"https:\/\/consadelaide.esteri.it\/it\/wp-json\/wp\/v2\/pages\/54\/?pag=3\">3<\/a>\n<span class=\"page-numbers dots\">&hellip;<\/span>\n<a class=\"page-numbers\" href=\"https:\/\/consadelaide.esteri.it\/it\/wp-json\/wp\/v2\/pages\/54\/?pag=40\">40<\/a>\n<a class=\"next page-numbers\" href=\"https:\/\/consadelaide.esteri.it\/it\/wp-json\/wp\/v2\/pages\/54\/?pag=2\"><svg class=\"icon icon-primary\"><use xlink:href=\"https:\/\/consadelaide.esteri.it\/wp-content\/themes\/sedi-tema\/assets\/svg\/sprites.svg#it-chevron-right\"><\/use><\/svg>\n                                    <span class=\"visually-hidden\">Pagina successiva<\/span><\/a>                    <\/div>\n                <\/nav>\n            <\/div>   <!--.col-md-12 -->\n              <\/div><!--.row -->\n              \n","protected":false},"excerpt":{"rendered":"","protected":false},"author":3,"featured_media":0,"parent":16,"menu_order":0,"comment_status":"closed","ping_status":"closed","template":"","meta":{"footnotes":""},"class_list":["post-54","page","type-page","status-publish","hentry"],"_links":{"self":[{"href":"https:\/\/consadelaide.esteri.it\/it\/wp-json\/wp\/v2\/pages\/54","targetHints":{"allow":["GET"]}}],"collection":[{"href":"https:\/\/consadelaide.esteri.it\/it\/wp-json\/wp\/v2\/pages"}],"about":[{"href":"https:\/\/consadelaide.esteri.it\/it\/wp-json\/wp\/v2\/types\/page"}],"author":[{"embeddable":true,"href":"https:\/\/consadelaide.esteri.it\/it\/wp-json\/wp\/v2\/users\/3"}],"replies":[{"embeddable":true,"href":"https:\/\/consadelaide.esteri.it\/it\/wp-json\/wp\/v2\/comments?post=54"}],"version-history":[{"count":0,"href":"https:\/\/consadelaide.esteri.it\/it\/wp-json\/wp\/v2\/pages\/54\/revisions"}],"up":[{"embeddable":true,"href":"https:\/\/consadelaide.esteri.it\/it\/wp-json\/wp\/v2\/pages\/16"}],"wp:attachment":[{"href":"https:\/\/consadelaide.esteri.it\/it\/wp-json\/wp\/v2\/media?parent=54"}],"curies":[{"name":"wp","href":"https:\/\/api.w.org\/{rel}","templated":true}]}}